{"id":233,"date":"2018-08-31T15:13:24","date_gmt":"2018-08-31T13:13:24","guid":{"rendered":"http:\/\/paplinska.pl\/wordpress\/mesmerize\/"},"modified":"2018-09-02T22:47:01","modified_gmt":"2018-09-02T20:47:01","slug":"mesmerize","status":"publish","type":"page","link":"https:\/\/paplinska.pl\/wordpress\/","title":{"rendered":"Front Page"},"content":{"rendered":"<div  id=\"overlappable-4\" style=\"background-color: rgb(255, 255, 255); background-image: none;\" data-label=\"Overlappable\" data-id=\"overlappable-4\" data-export-id=\"overlappable-4\" data-category=\"overlappable\" class=\"overlappable-4 content-section content-section-spacing\" data-overlap=\"true\"><div  class=\"gridContainer\"> <div  data-type=\"row\" class=\"row spaced-cols text-center\"><div  class=\"col-xs-12 col-sm-4 col-padding\">  <div  data-type=\"column\" class=\"\">  <img  class=\"custom-image\" src=\"http:\/\/paplinska.pl\/wordpress\/wp-content\/uploads\/2018\/08\/dylan-gillis-533818-unsplash.jpg\" alt=\"\" title=\"dylan-gillis-533818-unsplash\"><h5  class=\"\">POMOC PRAWNA DLA OS\u00d3B FIZYCZNYCH<\/h5><p  class=\"\">Niezale\u017cnie od tego, czy potrzebujesz pomocy w sprawie spadkowej, przy rozwodzie, w sporze z nieuczciwym sprzedawc\u0105 czy z urz\u0119dem, nasi prawnicy udziel\u0105 Ci wyczerpuj\u0105cego wsparcia, gwarantuj\u0105c dyskrecj\u0119, profesjonalizm i indywidualne podej\u015bcie do ka\u017cdego Klienta.<\/p><\/div> <\/div> <div  class=\"col-xs-12 col-sm-4 col-padding\">  <div  data-type=\"column\" class=\"\"> <img  class=\"custom-image\" src=\"http:\/\/paplinska.pl\/wordpress\/wp-content\/uploads\/2018\/09\/rawpixel-678089-unsplash-1.jpg\" alt=\"\" title=\"rawpixel-678089-unsplash\"><h5  class=\"\">OBS\u0141UGA PRZEDSI\u0118BIORC\u00d3W<\/h5><p  class=\"\">Posiadasz lub planujesz za\u0142o\u017cy\u0107 w\u0142asn\u0105 firm\u0119 i potrzebujesz wsparcia prawnika? Kancelaria \u015bwiadczy kompleksow\u0105 obs\u0142ug\u0119 prawn\u0105 zar\u00f3wno ma\u0142ych przedsi\u0119biorc\u00f3w, jak i wi\u0119kszych podmiot\u00f3w, sp\u00f3\u0142ek osobowych i kapita\u0142owych.<br >Zapewaniamy zar\u00f3wno obs\u0142ug\u0119 wewn\u0105trzn\u0105, w tym przygotowywanie dokument\u00f3w rejestrowe i korporacyjnych, jak i zajmujemy si\u0119 reprezentacj\u0105 przedsi\u0119biorcy w stosunkach z innymi podmiotami, s\u0105dami i urz\u0119dami. <\/p><\/div> <\/div> <div  class=\"col-xs-12 col-sm-4 col-padding\">  <div  data-type=\"column\" class=\"\"><img  class=\"custom-image\" src=\"http:\/\/paplinska.pl\/wordpress\/wp-content\/uploads\/2018\/08\/sebastian-pichler-25154-unsplash.jpg\" alt=\"\" title=\"sebastian-pichler-25154-unsplash\"><h5  class=\"\">SPORY S\u0104DOWE<\/h5> <p  class=\"\">Kancelaria oferuj\u0119 us\u0142ug\u0119 reprezentacji przed s\u0105dami powszechnymi i administracyjnymi, a tak\u017ce organami administracji publicznej, na ka\u017cdym etapie post\u0119powania. Zajmujemy si\u0119 tak\u017ce reprezentacj\u0105 naszych Klient\u00f3w w post\u0119powaniach mediacyjnych i arbitra\u017cowych. <\/p><\/div> <\/div><\/div> <\/div><\/div><div  data-label=\"Features\" data-id=\"features--1\" data-export-id=\"features-13-card-bordered\" data-category=\"features\" class=\"features-13 content-section content-section-spacing\" id=\"features-1\" style=\"background-color: rgb(245, 250, 253);\"><div  class=\"gridContainer\"> <div  class=\"row text-center\"><div  class=\"section-title-col\" data-type=\"column\"> <h2  class=\"\">Dlaczego my?<\/h2><p  class=\"lead\">Kancelaria zapewnia indywidualne podej\u015bcie do ka\u017cdego Klienta. Zapewniamy najwy\u017csze zaanga\u017cowanie w ka\u017cd\u0105 prowadzon\u0105 przez nas spraw\u0119. Udzielimy profesjonalnego wsparcia i pomo\u017cemy znale\u017a\u0107 skuteczne rozwi\u0105zanie Twojego problemu. \u015awiadczymy us\u0142ugi z zakresu wszystkich dziedzin prawa, na terenie ca\u0142ego kraju. <\/p> <\/div> <\/div> <div  class=\"row spaced-cols content-center-sm\" data-type=\"row\"> <div  class=\"col-sm-4\"> <div  class=\"card bordered y-move\" data-type=\"column\">  <h4  class=\"\">Skuteczno\u015b\u0107 i dok\u0142adno\u015b\u0107<\/h4><p  class=\"\"> Dbamy o to, by wszystkie sprawy naszych Klient\u00f3w by\u0142y prowadzone w spos\u00f3b maksymalnie rzetelny, a udzielane porady \u2013 wyczerpuj\u0105ce i zrozumia\u0142e. Zawsze staramy znale\u017a\u0107 najskuteczniejsze rozwi\u0105zanie przedstawionego problemu i om\u00f3wi\u0107 go z Klientem tak, aby posiada\u0142 on pe\u0142ne rozeznanie w prowadzonej sprawie i podejmowanych przez nas krokach. <\/p>  <\/div> <\/div> <div  class=\"col-sm-4\"> <div  class=\"card bordered y-move\" data-type=\"column\">  <h4  class=\"\">Dost\u0119pno\u015b\u0107<\/h4> <p  class=\"\"> Staramy si\u0119, aby nasi Klienci mieli poczucie, \u017ce jeste\u015bmy dla nich dost\u0119pni zawsze wtedy, kiedy tego potrzebuj\u0105. Rozumiemy, \u017ce nie ka\u017cdy problem mo\u017ce poczeka\u0107 \u201edo poniedzia\u0142ku\u201d i nasi Klienci wiedz\u0105, \u017ce w wyj\u0105tkowych sytuacjach mog\u0105 kontaktowa\u0107 si\u0119 z nami tak\u017ce poza godzinami pracy. <\/p> <\/div> <\/div> <div  class=\"col-sm-4\"> <div  class=\"card bordered y-move\" data-type=\"column\">  <h4  class=\"\">Wynagrodzenie<\/h4> <p  class=\"\">Wysoko\u015b\u0107 wynagrodzenia za prowadzenie sprawy jest ka\u017cdorazowo ustalana z Klientem z uwzgl\u0119dnieniem stopnia skomplikowania zlecenia, a tak\u017ce prognozowanego czasu pracy potrzebnego na jego realizacj\u0119. W zale\u017cno\u015bci od typu zlecenia, oferujemy wynagrodzenie godzinowe lub rycza\u0142towe.\n<br ><br > Szczeg\u00f3lnie zach\u0119camy do sta\u0142ej wsp\u00f3\u0142pracy przedsi\u0119biorc\u00f3w lokalnych, dla kt\u00f3rych przygotowali\u015bmy dedykowan\u0105, atrakcyjn\u0105 ofert\u0119 cenow\u0105.<\/p> <\/div> <\/div><\/div> <\/div><\/div><div  id=\"latest-news-1\" style=\"background-color: #f5fafd;\" data-label=\"Latest-news\" data-id=\"blog-section\" data-export-id=\"blog-section\" data-category=\"latest_news\" class=\"blog-section blog-section-standard content-section content-section-spacing\"><div  class=\"gridContainer\"> <div  class=\"row\"><div  data-type=\"column\" class=\"section-title-col\"> <h2  class=\"\">Najnowsze wpisy na blogu<\/h2> <\/div> <\/div> <div  class=\"row\"> <div  data-type=\"row\" data-dynamic-columns=\"handled\" data-content-shortcode=\"mesmerize_latest_news\">        <div class=\"row center-sm content-left-sm\">\n                    <div id=\"post-527\" class=\"col-sm-6 col-md-4 space-bottom space-bottom-xs\">\n                <div class=\"post-content card y-move bordered\">\n                        <div class=\"post-thumbnail\">\n        <a href=\"https:\/\/paplinska.pl\/wordpress\/2023\/09\/26\/uniewinnienie-w-procesie-o-usilowanie-zabojstwa\/\" class=\"post-list-item-thumb \">\n            <img width=\"1024\" height=\"683\" src=\"https:\/\/paplinska.pl\/wordpress\/wp-content\/uploads\/2023\/09\/hasan-almasi-aIRBGPafi74-unsplash-1024x683.jpg\" class=\"attachment-post-thumbnail size-post-thumbnail wp-post-image\" alt=\"Uniewinnienie\" loading=\"lazy\" srcset=\"https:\/\/paplinska.pl\/wordpress\/wp-content\/uploads\/2023\/09\/hasan-almasi-aIRBGPafi74-unsplash-1024x683.jpg 1024w, https:\/\/paplinska.pl\/wordpress\/wp-content\/uploads\/2023\/09\/hasan-almasi-aIRBGPafi74-unsplash-300x200.jpg 300w, https:\/\/paplinska.pl\/wordpress\/wp-content\/uploads\/2023\/09\/hasan-almasi-aIRBGPafi74-unsplash-768x512.jpg 768w, https:\/\/paplinska.pl\/wordpress\/wp-content\/uploads\/2023\/09\/hasan-almasi-aIRBGPafi74-unsplash-1536x1024.jpg 1536w, https:\/\/paplinska.pl\/wordpress\/wp-content\/uploads\/2023\/09\/hasan-almasi-aIRBGPafi74-unsplash-2048x1366.jpg 2048w, https:\/\/paplinska.pl\/wordpress\/wp-content\/uploads\/2023\/09\/hasan-almasi-aIRBGPafi74-unsplash-1620x1080.jpg 1620w\" sizes=\"(max-width: 1024px) 100vw, 1024px\" \/>        <\/a>\n    <\/div>\n                        <div class=\"col-padding col-padding-xs\">\n                        <h3 class=\"post-title space-bottom-small\">\n                            <a href=\"https:\/\/paplinska.pl\/wordpress\/2023\/09\/26\/uniewinnienie-w-procesie-o-usilowanie-zabojstwa\/\" rel=\"bookmark\">\n                                Uniewinnienie w procesie o usi\u0142owanie zab\u00f3jstwa                            <\/a>\n                        <\/h3>\n                        <p>Uniewinnienie po trzyletnim procesie i ponad szesnastu miesi\u0105cach aresztu w sprawie o usi\u0142owanie zab\u00f3jstwa. Nasz Klient wychodzi z S\u0105du niewinnym cz\u0142owiekiem.<\/p>\n                        <a class=\"read-more link\" href=\"https:\/\/paplinska.pl\/wordpress\/2023\/09\/26\/uniewinnienie-w-procesie-o-usilowanie-zabojstwa\/\">\n                            Read more                        <\/a>\n                    <\/div>\n                <\/div>\n            <\/div>\n                    <div id=\"post-512\" class=\"col-sm-6 col-md-4 space-bottom space-bottom-xs\">\n                <div class=\"post-content card y-move bordered\">\n                        <div class=\"post-thumbnail\">\n        <a href=\"https:\/\/paplinska.pl\/wordpress\/2023\/04\/28\/nowelizacja-kodeksu-karnego-wykonawczego-2023\/\" class=\"post-list-item-thumb \">\n            <img width=\"1024\" height=\"683\" src=\"https:\/\/paplinska.pl\/wordpress\/wp-content\/uploads\/2018\/08\/jessica-ruscello-196422-unsplash.jpg\" class=\"attachment-post-thumbnail size-post-thumbnail wp-post-image\" alt=\"Nowelizacja\" loading=\"lazy\" srcset=\"https:\/\/paplinska.pl\/wordpress\/wp-content\/uploads\/2018\/08\/jessica-ruscello-196422-unsplash.jpg 5107w, https:\/\/paplinska.pl\/wordpress\/wp-content\/uploads\/2018\/08\/jessica-ruscello-196422-unsplash-300x200.jpg 300w, https:\/\/paplinska.pl\/wordpress\/wp-content\/uploads\/2018\/08\/jessica-ruscello-196422-unsplash-768x512.jpg 768w, https:\/\/paplinska.pl\/wordpress\/wp-content\/uploads\/2018\/08\/jessica-ruscello-196422-unsplash-1024x683.jpg 1024w, https:\/\/paplinska.pl\/wordpress\/wp-content\/uploads\/2018\/08\/jessica-ruscello-196422-unsplash-360x240.jpg 360w\" sizes=\"(max-width: 1024px) 100vw, 1024px\" \/>        <\/a>\n    <\/div>\n                        <div class=\"col-padding col-padding-xs\">\n                        <h3 class=\"post-title space-bottom-small\">\n                            <a href=\"https:\/\/paplinska.pl\/wordpress\/2023\/04\/28\/nowelizacja-kodeksu-karnego-wykonawczego-2023\/\" rel=\"bookmark\">\n                                Nowelizacja Kodeksu karnego wykonawczego 2023 \u2013 o czym warto wiedzie\u0107?                            <\/a>\n                        <\/h3>\n                        <p>Wraz z pocz\u0105tkiem 2023 roku wesz\u0142a w \u017cycie obszerna nowelizacja Kodeksu Karnego Wykonawczego z dnia 5 sierpnia 2022 roku. Czy zmiana przepis\u00f3w mia\u0142a korzystny wp\u0142yw na status prawny skazanego? Omawiamy najwa\u017cniejsze zmiany.<\/p>\n                        <a class=\"read-more link\" href=\"https:\/\/paplinska.pl\/wordpress\/2023\/04\/28\/nowelizacja-kodeksu-karnego-wykonawczego-2023\/\">\n                            Read more                        <\/a>\n                    <\/div>\n                <\/div>\n            <\/div>\n                    <div id=\"post-517\" class=\"col-sm-6 col-md-4 space-bottom space-bottom-xs\">\n                <div class=\"post-content card y-move bordered\">\n                        <div class=\"post-thumbnail\">\n        <a href=\"https:\/\/paplinska.pl\/wordpress\/2023\/04\/28\/orly-prawa-2022-i-miejsce-w-lomiankach\/\" class=\"post-list-item-thumb \">\n            <img width=\"1024\" height=\"1365\" src=\"https:\/\/paplinska.pl\/wordpress\/wp-content\/uploads\/2023\/04\/343191368_554909733429908_1622880074289592570_n-1024x1365.jpg\" class=\"attachment-post-thumbnail size-post-thumbnail wp-post-image\" alt=\"orly prawa 2022\" loading=\"lazy\" srcset=\"https:\/\/paplinska.pl\/wordpress\/wp-content\/uploads\/2023\/04\/343191368_554909733429908_1622880074289592570_n-1024x1365.jpg 1024w, https:\/\/paplinska.pl\/wordpress\/wp-content\/uploads\/2023\/04\/343191368_554909733429908_1622880074289592570_n-225x300.jpg 225w, https:\/\/paplinska.pl\/wordpress\/wp-content\/uploads\/2023\/04\/343191368_554909733429908_1622880074289592570_n-768x1024.jpg 768w, https:\/\/paplinska.pl\/wordpress\/wp-content\/uploads\/2023\/04\/343191368_554909733429908_1622880074289592570_n-1152x1536.jpg 1152w, https:\/\/paplinska.pl\/wordpress\/wp-content\/uploads\/2023\/04\/343191368_554909733429908_1622880074289592570_n-810x1080.jpg 810w, https:\/\/paplinska.pl\/wordpress\/wp-content\/uploads\/2023\/04\/343191368_554909733429908_1622880074289592570_n.jpg 1536w\" sizes=\"(max-width: 1024px) 100vw, 1024px\" \/>        <\/a>\n    <\/div>\n                        <div class=\"col-padding col-padding-xs\">\n                        <h3 class=\"post-title space-bottom-small\">\n                            <a href=\"https:\/\/paplinska.pl\/wordpress\/2023\/04\/28\/orly-prawa-2022-i-miejsce-w-lomiankach\/\" rel=\"bookmark\">\n                                Or\u0142y Prawa 2022 &#8211; I miejsce w \u0141omiankach                            <\/a>\n                        <\/h3>\n                        <p>Szanowni Klienci, Mi\u0142o nam poinformowa\u0107, \u017ce po raz czwarty z rz\u0119du Kancelaria Adwokacka Agata Papli\u0144ska zosta\u0142a przez Klient\u00f3w wyr\u00f3\u017cniona I miejscem w \u0141omiankach w og\u00f3lnopolskim plebiscycie Or\u0142y Prawa, uzyskuj\u0105c \u015bredni\u0105[&hellip;]<\/p>\n                        <a class=\"read-more link\" href=\"https:\/\/paplinska.pl\/wordpress\/2023\/04\/28\/orly-prawa-2022-i-miejsce-w-lomiankach\/\">\n                            Read more                        <\/a>\n                    <\/div>\n                <\/div>\n            <\/div>\n            <\/div>\n    <\/div><\/div> <div  class=\"row\"><div  class=\"text-center\"> <a  class=\"button color1\" data-attr-shortcode=\"href:mesmerize_blog_link\" href=\"https:\/\/paplinska.pl\/wordpress\/mesmerize\/blog-2\/\" target=\"_self\">ZOBACZ WSZYSTKIE<\/a><\/div> <\/div><\/div><\/div>","protected":false},"excerpt":{"rendered":"<p>POMOC PRAWNA DLA OS\u00d3B FIZYCZNYCHNiezale\u017cnie od tego, czy potrzebujesz pomocy w sprawie spadkowej, przy rozwodzie, w sporze z nieuczciwym sprzedawc\u0105 czy z urz\u0119dem, nasi prawnicy udziel\u0105 Ci wyczerpuj\u0105cego wsparcia, gwarantuj\u0105c dyskrecj\u0119, profesjonalizm i indywidualne podej\u015bcie do ka\u017cdego Klienta. OBS\u0141UGA PRZEDSI\u0118BIORC\u00d3WPosiadasz lub planujesz za\u0142o\u017cy\u0107 w\u0142asn\u0105 firm\u0119 i potrzebujesz wsparcia prawnika? Kancelaria \u015bwiadczy kompleksow\u0105 obs\u0142ug\u0119 prawn\u0105 zar\u00f3wno&hellip; <br \/> <a class=\"read-more\" href=\"https:\/\/paplinska.pl\/wordpress\/2023\/04\/28\/orly-prawa-2022-i-miejsce-w-lomiankach\/\">Czytaj wi\u0119cej<\/a><\/p>\n","protected":false},"author":1,"featured_media":0,"parent":0,"menu_order":0,"comment_status":"closed","ping_status":"closed","template":"page-templates\/homepage.php","meta":{"_mi_skip_tracking":false},"aioseo_notices":[],"_links":{"self":[{"href":"https:\/\/paplinska.pl\/wordpress\/wp-json\/wp\/v2\/pages\/233"}],"collection":[{"href":"https:\/\/paplinska.pl\/wordpress\/wp-json\/wp\/v2\/pages"}],"about":[{"href":"https:\/\/paplinska.pl\/wordpress\/wp-json\/wp\/v2\/types\/page"}],"author":[{"embeddable":true,"href":"https:\/\/paplinska.pl\/wordpress\/wp-json\/wp\/v2\/users\/1"}],"replies":[{"embeddable":true,"href":"https:\/\/paplinska.pl\/wordpress\/wp-json\/wp\/v2\/comments?post=233"}],"version-history":[{"count":8,"href":"https:\/\/paplinska.pl\/wordpress\/wp-json\/wp\/v2\/pages\/233\/revisions"}],"predecessor-version":[{"id":345,"href":"https:\/\/paplinska.pl\/wordpress\/wp-json\/wp\/v2\/pages\/233\/revisions\/345"}],"wp:attachment":[{"href":"https:\/\/paplinska.pl\/wordpress\/wp-json\/wp\/v2\/media?parent=233"}],"curies":[{"name":"wp","href":"https:\/\/api.w.org\/{rel}","templated":true}]}}